{"id":8317,"date":"2023-12-19T12:17:38","date_gmt":"2023-12-19T12:17:38","guid":{"rendered":"https:\/\/basetryp.tryplisboacaparica.com\/lisboa-caparica\/"},"modified":"2024-12-03T12:31:58","modified_gmt":"2024-12-03T12:31:58","slug":"lissabon","status":"publish","type":"page","link":"https:\/\/www.melialisboaaeroporto.com\/de\/lissabon\/","title":{"rendered":"Lissabon"},"content":{"rendered":"\t\t<div data-elementor-type=\"wp-page\" data-elementor-id=\"8317\" class=\"elementor elementor-8317 elementor-1997\" data-elementor-post-type=\"page\">\n\t\t\t\t<section class=\"elementor-element elementor-element-9d18320 e-con-full e-flex e-con e-parent\" data-id=\"9d18320\" data-element_type=\"container\" data-settings=\"{&quot;background_background&quot;:&quot;classic&quot;}\">\n\t\t<div class=\"elementor-element elementor-element-edc3c07 e-con-full e-flex e-con e-child\" data-id=\"edc3c07\" data-element_type=\"container\">\n\t\t\t\t<div class=\"elementor-element elementor-element-14f695f elementor-widget elementor-widget-heading\" data-id=\"14f695f\" data-element_type=\"widget\" data-widget_type=\"heading.default\">\n\t\t\t\t<div class=\"elementor-widget-container\">\n\t\t\t\t\t<h1 class=\"elementor-heading-title elementor-size-default\">Lissabon<\/h1>\t\t\t\t<\/div>\n\t\t\t\t<\/div>\n\t\t\t\t<\/div>\n\t\t\t\t<\/section>\n\t\t<section class=\"elementor-element elementor-element-8e7a29a e-con-full e-flex e-con e-parent\" data-id=\"8e7a29a\" data-element_type=\"container\">\n\t\t\t\t<div class=\"elementor-element elementor-element-5428f0b elementor-widget elementor-widget-text-editor\" data-id=\"5428f0b\" data-element_type=\"widget\" data-widget_type=\"text-editor.default\">\n\t\t\t\t<div class=\"elementor-widget-container\">\n\t\t\t\t\t\t\t\t\t<p>Das Meli\u00e1 Lisboa Aeroporto bietet den Beginn einer historischen Reise durch Lissabon, bei der Sie die Aufregung der Stadt sp\u00fcren, die als eine der sch\u00f6nsten der Welt gilt.<br \/>Beginnen Sie im Herzen der Geschichte, entdecken Sie den Charme der malerischen Viertel Lissabons wie Alfama oder Lapa, kommen Sie an den von der Unesco als Weltkulturerbe eingestuften Monumenten vorbei, fahren Sie hinunter nach Baixa-Chiado und Rossio, nutzen Sie die Gelegenheit, den Bogen der Rua Augusta oder den Aufzug von Santa Justa zu besteigen und genie\u00dfen Sie den herrlichen Panoramablick \u00fcber Lissabon. Nutzen Sie die Sonne Lissabons und genie\u00dfen Sie ein Eis auf dem Pra\u00e7a do Com\u00e9rcio, dem noblen Platz Lissabons mit seinen Gesch\u00e4ften und Terrassen, die sich zum Tejo hin \u00f6ffnen.<br \/>Entdecken Sie das neue Leben der alten M\u00e4rkte von Lissabon auf den M\u00e4rkten von Alc\u00e2ntara oder Campo de Ourique, wo Sie die k\u00f6stlichsten portugiesischen Snacks bei angenehmer Musik genie\u00dfen k\u00f6nnen und wo Geselligkeit gro\u00df geschrieben wird.<br \/>Lissabon ist das richtige Ziel f\u00fcr einen Rundumtrip. Sie k\u00f6nnen die sch\u00f6nsten Str\u00e4nde mit langen Sandstr\u00e4nden genie\u00dfen, die verschiedensten Sportarten aus\u00fcben oder sich einfach nur entspannen, die Landschaftsschutzgebiete oder die typischsten Stadtviertel genie\u00dfen.<\/p>\t\t\t\t\t\t\t\t<\/div>\n\t\t\t\t<\/div>\n\t\t\t\t<\/section>\n\t\t<div class=\"elementor-element elementor-element-484e8bf e-con-full e-flex e-con e-parent\" data-id=\"484e8bf\" data-element_type=\"container\">\n\t\t\t\t<div class=\"elementor-element elementor-element-5b88a1e elementor-widget elementor-widget-heading\" data-id=\"5b88a1e\" data-element_type=\"widget\" data-widget_type=\"heading.default\">\n\t\t\t\t<div class=\"elementor-widget-container\">\n\t\t\t\t\t<h5 class=\"elementor-heading-title elementor-size-default\">Galerie<\/h5>\t\t\t\t<\/div>\n\t\t\t\t<\/div>\n\t\t\t\t<div class=\"elementor-element elementor-element-33fcce4 elementor-skin-carousel elementor-arrows-yes elementor-pagination-type-bullets elementor-pagination-position-outside elementor-widget elementor-widget-hoti-gallery-slider\" data-id=\"33fcce4\" data-element_type=\"widget\" data-settings=\"{&quot;slides_per_view&quot;:&quot;3&quot;,&quot;skin&quot;:&quot;carousel&quot;,&quot;effect&quot;:&quot;slide&quot;,&quot;show_arrows&quot;:&quot;yes&quot;,&quot;pagination&quot;:&quot;bullets&quot;,&quot;speed&quot;:500,&quot;autoplay&quot;:&quot;yes&quot;,&quot;autoplay_speed&quot;:5000,&quot;pause_on_hover&quot;:&quot;yes&quot;,&quot;pause_on_interaction&quot;:&quot;yes&quot;,&quot;space_between&quot;:{&quot;unit&quot;:&quot;px&quot;,&quot;size&quot;:10,&quot;sizes&quot;:[]},&quot;space_between_tablet_extra&quot;:{&quot;unit&quot;:&quot;px&quot;,&quot;size&quot;:10,&quot;sizes&quot;:[]},&quot;space_between_tablet&quot;:{&quot;unit&quot;:&quot;px&quot;,&quot;size&quot;:10,&quot;sizes&quot;:[]},&quot;space_between_mobile_extra&quot;:{&quot;unit&quot;:&quot;px&quot;,&quot;size&quot;:10,&quot;sizes&quot;:[]},&quot;space_between_mobile&quot;:{&quot;unit&quot;:&quot;px&quot;,&quot;size&quot;:10,&quot;sizes&quot;:[]}}\" data-widget_type=\"hoti-gallery-slider.default\">\n\t\t\t\t<div class=\"elementor-widget-container\">\n\t\t\t\t\t\t\t\t\t<div class=\"elementor-swiper\">\n\t\t\t\t\t<div class=\"elementor-main-swiper swiper\" role=\"region\" aria-roledescription=\"carousel\" aria-label=\"Slider\">\n\t\t\t\t<div class=\"swiper-wrapper\">\n\t\t\t\t\t\t\t\t\t\t\t<div class=\"swiper-slide\" role=\"group\" aria-roledescription=\"slide\">\n\t\t\t\t\t\t\t\t\t<div class=\"elementor-carousel-image landscape\" role=\"img\" aria-label=\"MLA_homepage_galeria_1\" style=\"background-image: url(&#039;https:\/\/www.melialisboaaeroporto.com\/wp-content\/uploads\/sites\/23\/2023\/11\/MLA_homepage_galeria_1.jpg&#039;)\">\r\n\r\n\t\t\t\r\n\t\t\t\t\t<\/div>\r\n\t\t\t\t\t\t\t\t<\/div>\n\t\t\t\t\t\t\t\t\t\t\t<div class=\"swiper-slide\" role=\"group\" aria-roledescription=\"slide\">\n\t\t\t\t\t\t\t\t\t<div class=\"elementor-carousel-image landscape\" role=\"img\" aria-label=\"MLA_homepage_galeria_2\" style=\"background-image: url(&#039;https:\/\/www.melialisboaaeroporto.com\/wp-content\/uploads\/sites\/23\/2023\/11\/MLA_homepage_galeria_2.jpg&#039;)\">\r\n\r\n\t\t\t\r\n\t\t\t\t\t<\/div>\r\n\t\t\t\t\t\t\t\t<\/div>\n\t\t\t\t\t\t\t\t\t\t\t<div class=\"swiper-slide\" role=\"group\" aria-roledescription=\"slide\">\n\t\t\t\t\t\t\t\t\t<div class=\"elementor-carousel-image landscape\" role=\"img\" aria-label=\"MLA_homepage_galeria_3\" style=\"background-image: url(&#039;https:\/\/www.melialisboaaeroporto.com\/wp-content\/uploads\/sites\/23\/2023\/11\/MLA_homepage_galeria_3.jpg&#039;)\">\r\n\r\n\t\t\t\r\n\t\t\t\t\t<\/div>\r\n\t\t\t\t\t\t\t\t<\/div>\n\t\t\t\t\t\t\t\t\t\t\t<div class=\"swiper-slide\" role=\"group\" aria-roledescription=\"slide\">\n\t\t\t\t\t\t\t\t\t<div class=\"elementor-carousel-image portrait\" role=\"img\" aria-label=\"MLA_homepage_galeria_4\" style=\"background-image: url(&#039;https:\/\/www.melialisboaaeroporto.com\/wp-content\/uploads\/sites\/23\/2023\/11\/MLA_homepage_galeria_4.jpg&#039;)\">\r\n\r\n\t\t\t\r\n\t\t\t\t\t<\/div>\r\n\t\t\t\t\t\t\t\t<\/div>\n\t\t\t\t\t\t\t\t\t\t\t<div class=\"swiper-slide\" role=\"group\" aria-roledescription=\"slide\">\n\t\t\t\t\t\t\t\t\t<div class=\"elementor-carousel-image landscape\" role=\"img\" aria-label=\"MLA_homepage_galeria_5\" style=\"background-image: url(&#039;https:\/\/www.melialisboaaeroporto.com\/wp-content\/uploads\/sites\/23\/2023\/11\/MLA_homepage_galeria_5.jpg&#039;)\">\r\n\r\n\t\t\t\r\n\t\t\t\t\t<\/div>\r\n\t\t\t\t\t\t\t\t<\/div>\n\t\t\t\t\t\t\t\t\t<\/div>\n\t\t\t\t\t\t\t\t\t\t\t\t\t\t\t<div class=\"elementor-swiper-button elementor-swiper-button-prev\" role=\"button\" tabindex=\"0\" aria-label=\"Voriger\">\n\t\t\t\t\t\t\t<i aria-hidden=\"true\" class=\"eicon-chevron-left\"><\/i>\t\t\t\t\t\t<\/div>\n\t\t\t\t\t\t<div class=\"elementor-swiper-button elementor-swiper-button-next\" role=\"button\" tabindex=\"0\" aria-label=\"N\u00e4chster\">\n\t\t\t\t\t\t\t<i aria-hidden=\"true\" class=\"eicon-chevron-right\"><\/i>\t\t\t\t\t\t<\/div>\n\t\t\t\t\t\t\t\t\t\t\t\t\t\t\t\t<div class=\"swiper-pagination\"><\/div>\n\t\t\t\t\t\t\t\t\t\t\t\t<\/div>\n\t\t\t\t<\/div>\n\t\t\t\t\t\t\t\t<\/div>\n\t\t\t\t<\/div>\n\t\t\t\t<\/div>\n\t\t<section class=\"elementor-element elementor-element-5be6fa1 e-con-full e-flex e-con e-parent\" data-id=\"5be6fa1\" data-element_type=\"container\">\n\t\t<div class=\"elementor-element elementor-element-637ccd9 e-con-full e-flex e-con e-child\" data-id=\"637ccd9\" data-element_type=\"container\">\n\t\t<div class=\"elementor-element elementor-element-55df4ad e-con-full e-flex e-con e-child\" data-id=\"55df4ad\" data-element_type=\"container\">\n\t\t\t\t<div class=\"elementor-element elementor-element-650bc2a elementor-widget elementor-widget-heading\" data-id=\"650bc2a\" data-element_type=\"widget\" data-widget_type=\"heading.default\">\n\t\t\t\t<div class=\"elementor-widget-container\">\n\t\t\t\t\t<h2 class=\"elementor-heading-title elementor-size-default\">ERKUNDUNG DER <\/h2>\t\t\t\t<\/div>\n\t\t\t\t<\/div>\n\t\t\t\t<div class=\"elementor-element elementor-element-1062144 elementor-widget elementor-widget-heading\" data-id=\"1062144\" data-element_type=\"widget\" data-widget_type=\"heading.default\">\n\t\t\t\t<div class=\"elementor-widget-container\">\n\t\t\t\t\t<h2 class=\"elementor-heading-title elementor-size-default\">STADT LISSABON<\/h2>\t\t\t\t<\/div>\n\t\t\t\t<\/div>\n\t\t\t\t<div class=\"elementor-element elementor-element-da84be1 elementor-widget__width-initial elementor-widget elementor-widget-text-editor\" data-id=\"da84be1\" data-element_type=\"widget\" data-widget_type=\"text-editor.default\">\n\t\t\t\t<div class=\"elementor-widget-container\">\n\t\t\t\t\t\t\t\t\t<ul><li>Erkunden Sie Lissabon, eine Stadt reich an Denkm\u00e4lern, malerischen Vierteln und charmanten Pl\u00e4tzen, wo die Stadt mit ihrer jungen und vielseitigen Kultur lebendig wird.<\/li><li>Besuchen Sie Lissabons historische Monumente wie den Bel\u00e9m-Turm, das Jer\u00f3nimos-Kloster und die Burg des Heiligen Georg.<\/li><li>Genie\u00dfen Sie Lissabons Parks, G\u00e4rten und Aussichtspunkte oder entspannen Sie sich in Caf\u00e9s und Terrassen, die Momente der Ruhe bieten.<\/li><li>Nehmen Sie an den kulturellen Veranstaltungen und Festivals teil, die das ganze Jahr \u00fcber in Lissabon stattfinden und der Stadt Leben und Spa\u00df verleihen.<\/li><li>F\u00fcr Sportbegeisterte bietet Lissabon viele M\u00f6glichkeiten, von Golfpl\u00e4tzen bis hin zur N\u00e4he zum Meer, wo man Aktivit\u00e4ten im Freien und maritime Erlebnisse genie\u00dfen kann.<\/li><li>Neben seiner reichen Geschichte verw\u00f6hnt Lissabon auch den Gaumen mit seiner Gastronomie. Die Stadt ist ein Ziel f\u00fcr Liebhaber der portugiesischen K\u00fcche und bietet eine Vielzahl von traditionellen Gerichten und regionalen Spezialit\u00e4ten, die den authentischen Geschmack der Region widerspiegeln.<\/li><\/ul>\t\t\t\t\t\t\t\t<\/div>\n\t\t\t\t<\/div>\n\t\t\t\t<\/div>\n\t\t\t\t<\/div>\n\t\t<div class=\"elementor-element elementor-element-65d27bb e-con-full e-flex e-con e-child\" data-id=\"65d27bb\" data-element_type=\"container\" data-settings=\"{&quot;background_background&quot;:&quot;classic&quot;}\">\n\t\t\t\t<div class=\"elementor-element elementor-element-bcfdf42 elementor-widget elementor-widget-spacer\" data-id=\"bcfdf42\" data-element_type=\"widget\" data-widget_type=\"spacer.default\">\n\t\t\t\t<div class=\"elementor-widget-container\">\n\t\t\t\t\t\t\t<div class=\"elementor-spacer\">\n\t\t\t<div class=\"elementor-spacer-inner\"><\/div>\n\t\t<\/div>\n\t\t\t\t\t\t<\/div>\n\t\t\t\t<\/div>\n\t\t\t\t<\/div>\n\t\t\t\t<\/section>\n\t\t<section class=\"elementor-element elementor-element-540cb73 e-con-full e-flex e-con e-parent\" data-id=\"540cb73\" data-element_type=\"container\">\n\t\t<div class=\"elementor-element elementor-element-e3e1f7c e-con-full e-flex e-con e-child\" data-id=\"e3e1f7c\" data-element_type=\"container\" data-settings=\"{&quot;background_background&quot;:&quot;classic&quot;}\">\n\t\t\t\t<div class=\"elementor-element elementor-element-917d9c4 elementor-widget elementor-widget-spacer\" data-id=\"917d9c4\" data-element_type=\"widget\" data-widget_type=\"spacer.default\">\n\t\t\t\t<div class=\"elementor-widget-container\">\n\t\t\t\t\t\t\t<div class=\"elementor-spacer\">\n\t\t\t<div class=\"elementor-spacer-inner\"><\/div>\n\t\t<\/div>\n\t\t\t\t\t\t<\/div>\n\t\t\t\t<\/div>\n\t\t\t\t<\/div>\n\t\t<div class=\"elementor-element elementor-element-75fb5c0 e-con-full e-flex e-con e-child\" data-id=\"75fb5c0\" data-element_type=\"container\">\n\t\t<div class=\"elementor-element elementor-element-5fdd577 e-con-full e-flex e-con e-child\" data-id=\"5fdd577\" data-element_type=\"container\">\n\t\t\t\t<div class=\"elementor-element elementor-element-3395003 elementor-widget elementor-widget-heading\" data-id=\"3395003\" data-element_type=\"widget\" data-widget_type=\"heading.default\">\n\t\t\t\t<div class=\"elementor-widget-container\">\n\t\t\t\t\t<h2 class=\"elementor-heading-title elementor-size-default\">DIE STADT <\/h2>\t\t\t\t<\/div>\n\t\t\t\t<\/div>\n\t\t\t\t<div class=\"elementor-element elementor-element-eb30610 elementor-widget elementor-widget-heading\" data-id=\"eb30610\" data-element_type=\"widget\" data-widget_type=\"heading.default\">\n\t\t\t\t<div class=\"elementor-widget-container\">\n\t\t\t\t\t<h2 class=\"elementor-heading-title elementor-size-default\">LISSABON SP\u00dcREN<\/h2>\t\t\t\t<\/div>\n\t\t\t\t<\/div>\n\t\t\t\t<div class=\"elementor-element elementor-element-ca4faff elementor-widget elementor-widget-text-editor\" data-id=\"ca4faff\" data-element_type=\"widget\" data-widget_type=\"text-editor.default\">\n\t\t\t\t<div class=\"elementor-widget-container\">\n\t\t\t\t\t\t\t\t\t<p>Lissabon, im Herzen Portugals gelegen, ist eine Stadt, die in Geschichte, Kultur und Tradition verwurzelt ist. Die \u00fcber tausend Jahre alte Stadt ist bekannt f\u00fcr ihre beeindruckenden Monumente wie den majest\u00e4tischen Bel\u00e9m-Turm, das Jer\u00f3nimos-Kloster und das Schloss S\u00e3o Jorge. Lissabon ist aber auch eine moderne und pulsierende Stadt mit einem lebhaften Nachtleben, malerischen Vierteln und einer k\u00f6stlichen K\u00fcche, zu der auch traditionelle Gerichte wie der ber\u00fchmte &#8220;Bacalhau \u00e0 Br\u00e1s&#8221; geh\u00f6ren. Dank seiner privilegierten Lage am Tejo und in der N\u00e4he des Meeres bietet Lissabon auch M\u00f6glichkeiten f\u00fcr Outdoor-Aktivit\u00e4ten wie Wandern, Radfahren und Golf. Ob man nun die Geschichte der Stadt erkundet, ihr kulturelles Leben genie\u00dft oder einfach nur im Kontakt mit der Natur entspannt, Lissabon bezaubert alle, die es besuchen, durch seine Sch\u00f6nheit und Authentizit\u00e4t.<\/p>\t\t\t\t\t\t\t\t<\/div>\n\t\t\t\t<\/div>\n\t\t\t\t<\/div>\n\t\t\t\t<\/div>\n\t\t\t\t<\/section>\n\t\t<div class=\"elementor-element elementor-element-6d9b414 e-con-full e-flex e-con e-parent\" data-id=\"6d9b414\" data-element_type=\"container\">\n\t\t\t\t<div class=\"elementor-element elementor-element-cbaed58 elementor-widget elementor-widget-heading\" data-id=\"cbaed58\" data-element_type=\"widget\" data-widget_type=\"heading.default\">\n\t\t\t\t<div class=\"elementor-widget-container\">\n\t\t\t\t\t<h5 class=\"elementor-heading-title elementor-size-default\">Was sehen und was tun<\/h5>\t\t\t\t<\/div>\n\t\t\t\t<\/div>\n\t\t<div class=\"elementor-element elementor-element-b346bc2 e-con-full e-flex e-con e-child\" data-id=\"b346bc2\" data-element_type=\"container\">\n\t\t\t\t<div class=\"elementor-element elementor-element-740e4bc elementor-widget elementor-widget-n-carousel\" data-id=\"740e4bc\" data-element_type=\"widget\" data-settings=\"{&quot;carousel_items&quot;:[{&quot;slide_title&quot;:&quot;Slide #1&quot;,&quot;_id&quot;:&quot;bc1ad8d&quot;},{&quot;slide_title&quot;:&quot;Slide #2&quot;,&quot;_id&quot;:&quot;817f723&quot;},{&quot;slide_title&quot;:&quot;Slide #3&quot;,&quot;_id&quot;:&quot;f0475f9&quot;},{&quot;_id&quot;:&quot;ca82639&quot;,&quot;slide_title&quot;:&quot;Slide #4&quot;}],&quot;slides_to_show&quot;:&quot;4&quot;,&quot;image_spacing_custom&quot;:{&quot;unit&quot;:&quot;px&quot;,&quot;size&quot;:30,&quot;sizes&quot;:[]},&quot;slides_to_show_mobile_extra&quot;:&quot;1&quot;,&quot;slides_to_scroll_mobile_extra&quot;:&quot;1&quot;,&quot;slides_to_show_tablet&quot;:&quot;2&quot;,&quot;slides_to_show_mobile&quot;:&quot;1&quot;,&quot;autoplay&quot;:&quot;yes&quot;,&quot;autoplay_speed&quot;:5000,&quot;pause_on_hover&quot;:&quot;yes&quot;,&quot;pause_on_interaction&quot;:&quot;yes&quot;,&quot;speed&quot;:500,&quot;image_spacing_custom_tablet_extra&quot;:{&quot;unit&quot;:&quot;px&quot;,&quot;size&quot;:&quot;&quot;,&quot;sizes&quot;:[]},&quot;image_spacing_custom_tablet&quot;:{&quot;unit&quot;:&quot;px&quot;,&quot;size&quot;:&quot;&quot;,&quot;sizes&quot;:[]},&quot;image_spacing_custom_mobile_extra&quot;:{&quot;unit&quot;:&quot;px&quot;,&quot;size&quot;:&quot;&quot;,&quot;sizes&quot;:[]},&quot;image_spacing_custom_mobile&quot;:{&quot;unit&quot;:&quot;px&quot;,&quot;size&quot;:&quot;&quot;,&quot;sizes&quot;:[]}}\" data-widget_type=\"nested-carousel.default\">\n\t\t\t\t<div class=\"elementor-widget-container\">\n\t\t\t\t\t\t\t<div class=\"e-n-carousel swiper\" role=\"region\" aria-roledescription=\"carousel\" aria-label=\"Karussell\" dir=\"ltr\">\n\t\t\t<div class=\"swiper-wrapper\" aria-live=\"off\">\n\t\t\t\t\t\t\t\t\t\t<div class=\"swiper-slide\" data-slide=\"1\" role=\"group\" aria-roledescription=\"slide\" aria-label=\"1 von 4\">\n\t\t\t\t\t\t\t<div class=\"elementor-element elementor-element-53701c7 e-flex e-con-boxed e-con e-child\" data-id=\"53701c7\" data-element_type=\"container\">\n\t\t\t\t\t<div class=\"e-con-inner\">\n\t\t<div class=\"elementor-element elementor-element-89754ef e-con-full e-flex e-con e-child\" data-id=\"89754ef\" data-element_type=\"container\">\n\t\t\t\t<div class=\"elementor-element elementor-element-e0a8418 elementor-widget__width-initial elementor-position-top elementor-widget elementor-widget-image-box\" data-id=\"e0a8418\" data-element_type=\"widget\" data-widget_type=\"image-box.default\">\n\t\t\t\t<div class=\"elementor-widget-container\">\n\t\t\t\t\t<div class=\"elementor-image-box-wrapper\"><figure class=\"elementor-image-box-img\"><img fetchpriority=\"high\" decoding=\"async\" width=\"402\" height=\"500\" src=\"https:\/\/www.melialisboaaeroporto.com\/wp-content\/uploads\/sites\/23\/2024\/06\/MLA_destino_gastronomia.jpg\" class=\"attachment-full size-full wp-image-19560\" alt=\"MLA_destino_gastronomia\" srcset=\"https:\/\/www.melialisboaaeroporto.com\/wp-content\/uploads\/sites\/23\/2024\/06\/MLA_destino_gastronomia.jpg 402w, https:\/\/www.melialisboaaeroporto.com\/wp-content\/uploads\/sites\/23\/2024\/06\/MLA_destino_gastronomia-241x300.jpg 241w\" sizes=\"(max-width: 402px) 100vw, 402px\" \/><\/figure><div class=\"elementor-image-box-content\"><h3 class=\"elementor-image-box-title\">Gastronomie<\/h3><p class=\"elementor-image-box-description\">Die Stadt bietet eine Vielzahl von traditionellen Gerichten, die den Gaumen erfreuen, wie den ber\u00fchmten Bacalhau \u00e0 Br\u00e1s, Past\u00e9is de Nata und gegrillte Sardinen. Die M\u00e4rkte, wie der Mercado da Ribeira, bieten ein vielf\u00e4ltiges kulinarisches Erlebnis mit frischen Produkten und lokalen K\u00f6stlichkeiten. Dar\u00fcber hinaus zeichnet sich Lissabon durch sein Angebot an portugiesischen Weinen aus, die die lokale K\u00fcche perfekt erg\u00e4nzen.<\/p><\/div><\/div>\t\t\t\t<\/div>\n\t\t\t\t<\/div>\n\t\t\t\t<\/div>\n\t\t\t\t\t<\/div>\n\t\t\t\t<\/div>\n\t\t\t\t\t\t\t\t<\/div>\n\t\t\t\t\t\t\t\t\t\t\t<div class=\"swiper-slide\" data-slide=\"2\" role=\"group\" aria-roledescription=\"slide\" aria-label=\"2 von 4\">\n\t\t\t\t\t\t\t<div class=\"elementor-element elementor-element-f76e8da e-flex e-con-boxed e-con e-child\" data-id=\"f76e8da\" data-element_type=\"container\">\n\t\t\t\t\t<div class=\"e-con-inner\">\n\t\t\t\t<div class=\"elementor-element elementor-element-357ba66 elementor-widget__width-initial elementor-position-top elementor-widget elementor-widget-image-box\" data-id=\"357ba66\" data-element_type=\"widget\" data-widget_type=\"image-box.default\">\n\t\t\t\t<div class=\"elementor-widget-container\">\n\t\t\t\t\t<div class=\"elementor-image-box-wrapper\"><figure class=\"elementor-image-box-img\"><img decoding=\"async\" src=\"https:\/\/www.melialisboaaeroporto.com\/wp-content\/uploads\/sites\/23\/elementor\/thumbs\/MLA_destino_patrimonio-qtzxszpb3bnhamcuz7alve8h4bzv9ypnv4r493caiw.jpg\" title=\"MLA_destino_patrimonio\" alt=\"MLA_destino_patrimonio\" loading=\"lazy\" \/><\/figure><div class=\"elementor-image-box-content\"><h3 class=\"elementor-image-box-title\">Kulturerbe <\/h3><p class=\"elementor-image-box-description\">Lissabons Kulturerbe ist reich und vielf\u00e4ltig und spiegelt seine lange Geschichte wider. Zu den H\u00f6hepunkten geh\u00f6ren der Bel\u00e9m-Turm und das Jer\u00f3nimos-Kloster, beides UNESCO-Weltkulturerbest\u00e4tten. Die St.-Georgs-Burg bietet eine atemberaubende Aussicht und einen Einblick in die mittelalterliche Zeit. Historische Stadtteile wie Alfama und Bairro Alto bewahren traditionelle Architektur und malerischen Charme. Museen wie das Nationalmuseum f\u00fcr Alte Kunst und das Fado-Museum zeugen vom lebendigen kulturellen Erbe der Stadt.<\/p><\/div><\/div>\t\t\t\t<\/div>\n\t\t\t\t<\/div>\n\t\t\t\t\t<\/div>\n\t\t\t\t<\/div>\n\t\t\t\t\t\t\t\t<\/div>\n\t\t\t\t\t\t\t\t\t\t\t<div class=\"swiper-slide\" data-slide=\"3\" role=\"group\" aria-roledescription=\"slide\" aria-label=\"3 von 4\">\n\t\t\t\t\t\t\t<div class=\"elementor-element elementor-element-2733f80 e-flex e-con-boxed e-con e-child\" data-id=\"2733f80\" data-element_type=\"container\">\n\t\t\t\t\t<div class=\"e-con-inner\">\n\t\t\t\t<div class=\"elementor-element elementor-element-ca50de8 elementor-widget__width-initial elementor-position-top elementor-widget elementor-widget-image-box\" data-id=\"ca50de8\" data-element_type=\"widget\" data-widget_type=\"image-box.default\">\n\t\t\t\t<div class=\"elementor-widget-container\">\n\t\t\t\t\t<div class=\"elementor-image-box-wrapper\"><figure class=\"elementor-image-box-img\"><img decoding=\"async\" src=\"https:\/\/www.melialisboaaeroporto.com\/wp-content\/uploads\/sites\/23\/elementor\/thumbs\/MLA_destino_cultura-qtzxszpb3bnhamcuz7alve8h4bzv9ypnv4r493caiw.jpg\" title=\"MLA_destino_cultura\" alt=\"MLA_destino_cultura\" loading=\"lazy\" \/><\/figure><div class=\"elementor-image-box-content\"><h3 class=\"elementor-image-box-title\">Kultur <\/h3><p class=\"elementor-image-box-description\">Die Kultur in Lissabon ist lebendig und vielf\u00e4ltig und spiegelt sich in den Museen, Theatern und Festivals wider. In historischen Vierteln wie Alfama und Bairro Alto wird der Fado, die traditionelle portugiesische Musik, gefeiert. Die Stadt ist ein Zentrum der zeitgen\u00f6ssischen Kunst, der Gastronomie und des Nachtlebens und bietet ihren Besuchern ein reichhaltiges und intensives Erlebnis.<\/p><\/div><\/div>\t\t\t\t<\/div>\n\t\t\t\t<\/div>\n\t\t\t\t\t<\/div>\n\t\t\t\t<\/div>\n\t\t\t\t\t\t\t\t<\/div>\n\t\t\t\t\t\t\t\t\t\t\t<div class=\"swiper-slide\" data-slide=\"4\" role=\"group\" aria-roledescription=\"slide\" aria-label=\"4 von 4\">\n\t\t\t\t\t\t\t<div class=\"elementor-element elementor-element-1061503 e-flex e-con-boxed e-con e-child\" data-id=\"1061503\" data-element_type=\"container\">\n\t\t\t\t\t<div class=\"e-con-inner\">\n\t\t\t\t<div class=\"elementor-element elementor-element-461a763 elementor-widget__width-initial elementor-position-top elementor-widget elementor-widget-image-box\" data-id=\"461a763\" data-element_type=\"widget\" data-widget_type=\"image-box.default\">\n\t\t\t\t<div class=\"elementor-widget-container\">\n\t\t\t\t\t<div class=\"elementor-image-box-wrapper\"><figure class=\"elementor-image-box-img\"><img decoding=\"async\" src=\"https:\/\/www.melialisboaaeroporto.com\/wp-content\/uploads\/sites\/23\/elementor\/thumbs\/MLA_destino_entretenimento-qtzxszpb3bnhamcuz7alve8h4bzv9ypnv4r493caiw.jpg\" title=\"MLA_destino_entretenimento\" alt=\"MLA_destino_entretenimento\" loading=\"lazy\" \/><\/figure><div class=\"elementor-image-box-content\"><h3 class=\"elementor-image-box-title\">Unterhaltung<\/h3><p class=\"elementor-image-box-description\">Lassen Sie sich von den Unterhaltungsangeboten der Stadt mitrei\u00dfen. Nutzen Sie die Gelegenheit, eine Show oder eine Ausstellung in der Altice Arena, im Kulturzentrum Bel\u00e9m oder in der Calouste-Gulbenkian-Stiftung zu besuchen.<\/p><\/div><\/div>\t\t\t\t<\/div>\n\t\t\t\t<\/div>\n\t\t\t\t\t<\/div>\n\t\t\t\t<\/div>\n\t\t\t\t\t\t\t\t<\/div>\n\t\t\t\t\t\t\t\t<\/div>\n\t\t<\/div>\n\t\t\t\t\t\t<\/div>\n\t\t\t\t<\/div>\n\t\t\t\t<\/div>\n\t\t\t\t<\/div>\n\t\t<div class=\"elementor-element elementor-element-e036ed8 e-con-full e-flex e-con e-parent\" data-id=\"e036ed8\" data-element_type=\"container\">\n\t\t\t\t<div class=\"elementor-element elementor-element-6595041 elementor-widget elementor-widget-heading\" data-id=\"6595041\" data-element_type=\"widget\" data-widget_type=\"heading.default\">\n\t\t\t\t<div class=\"elementor-widget-container\">\n\t\t\t\t\t<h5 class=\"elementor-heading-title elementor-size-default\">So gelangen Sie zum Hotel\n<\/h5>\t\t\t\t<\/div>\n\t\t\t\t<\/div>\n\t\t\t\t<\/div>\n\t\t<section class=\"elementor-element elementor-element-37fa7d5 e-con-full e-flex e-con e-parent\" data-id=\"37fa7d5\" data-element_type=\"container\">\n\t\t\t\t<div class=\"elementor-element elementor-element-d1659ab elementor-widget__width-initial elementor-view-default elementor-position-top elementor-mobile-position-top elementor-widget elementor-widget-icon-box\" data-id=\"d1659ab\" data-element_type=\"widget\" data-widget_type=\"icon-box.default\">\n\t\t\t\t<div class=\"elementor-widget-container\">\n\t\t\t\t\t\t\t<div class=\"elementor-icon-box-wrapper\">\n\n\t\t\t\t\t\t<div class=\"elementor-icon-box-icon\">\n\t\t\t\t<span  class=\"elementor-icon\">\n\t\t\t\t<i aria-hidden=\"true\" class=\"fal fa-bus-alt\"><\/i>\t\t\t\t<\/span>\n\t\t\t<\/div>\n\t\t\t\n\t\t\t\t\t\t<div class=\"elementor-icon-box-content\">\n\n\t\t\t\t\t\t\t\t\t<h3 class=\"elementor-icon-box-title\">\n\t\t\t\t\t\t<span  >\n\t\t\t\t\t\t\tBus\t\t\t\t\t\t<\/span>\n\t\t\t\t\t<\/h3>\n\t\t\t\t\n\t\t\t\t\t\t\t\t\t<p class=\"elementor-icon-box-description\">\n\t\t\t\t\t\tIn der Stadt Lissabon wird der Busverkehr von Carris durchgef\u00fchrt. Sie k\u00f6nnen in verschiedenen Teilen der Stadt Busse benutzen, um zum Hotel zu gelangen. Die Linien 208, 744, 722 und 705 bringen Sie zu unserem Hotel.\t\t\t\t\t<\/p>\n\t\t\t\t\n\t\t\t<\/div>\n\t\t\t\n\t\t<\/div>\n\t\t\t\t\t\t<\/div>\n\t\t\t\t<\/div>\n\t\t\t\t<div class=\"elementor-element elementor-element-262a63b elementor-widget__width-initial elementor-view-default elementor-position-top elementor-mobile-position-top elementor-widget elementor-widget-icon-box\" data-id=\"262a63b\" data-element_type=\"widget\" data-widget_type=\"icon-box.default\">\n\t\t\t\t<div class=\"elementor-widget-container\">\n\t\t\t\t\t\t\t<div class=\"elementor-icon-box-wrapper\">\n\n\t\t\t\t\t\t<div class=\"elementor-icon-box-icon\">\n\t\t\t\t<span  class=\"elementor-icon\">\n\t\t\t\t<i aria-hidden=\"true\" class=\"fal fa-cars\"><\/i>\t\t\t\t<\/span>\n\t\t\t<\/div>\n\t\t\t\n\t\t\t\t\t\t<div class=\"elementor-icon-box-content\">\n\n\t\t\t\t\t\t\t\t\t<h3 class=\"elementor-icon-box-title\">\n\t\t\t\t\t\t<span  >\n\t\t\t\t\t\t\tRent-a-car\t\t\t\t\t\t<\/span>\n\t\t\t\t\t<\/h3>\n\t\t\t\t\n\t\t\t\t\t\t\t\t\t<p class=\"elementor-icon-box-description\">\n\t\t\t\t\t\t Im Ankunftsbereich des Flughafens k\u00f6nnen Sie bei Autovermietungen ein Auto mieten. Eine weitere M\u00f6glichkeit ist die Reservierung im Voraus.\t\t\t\t\t<\/p>\n\t\t\t\t\n\t\t\t<\/div>\n\t\t\t\n\t\t<\/div>\n\t\t\t\t\t\t<\/div>\n\t\t\t\t<\/div>\n\t\t\t\t<div class=\"elementor-element elementor-element-20c5b52 elementor-widget__width-initial elementor-view-default elementor-position-top elementor-mobile-position-top elementor-widget elementor-widget-icon-box\" data-id=\"20c5b52\" data-element_type=\"widget\" data-widget_type=\"icon-box.default\">\n\t\t\t\t<div class=\"elementor-widget-container\">\n\t\t\t\t\t\t\t<div class=\"elementor-icon-box-wrapper\">\n\n\t\t\t\t\t\t<div class=\"elementor-icon-box-icon\">\n\t\t\t\t<span  class=\"elementor-icon\">\n\t\t\t\t<i aria-hidden=\"true\" class=\"fal fa-plane\"><\/i>\t\t\t\t<\/span>\n\t\t\t<\/div>\n\t\t\t\n\t\t\t\t\t\t<div class=\"elementor-icon-box-content\">\n\n\t\t\t\t\t\t\t\t\t<h3 class=\"elementor-icon-box-title\">\n\t\t\t\t\t\t<span  >\n\t\t\t\t\t\t\tMit dem flugzeug\t\t\t\t\t\t<\/span>\n\t\t\t\t\t<\/h3>\n\t\t\t\t\n\t\t\t\t\t\t\t\t\t<p class=\"elementor-icon-box-description\">\n\t\t\t\t\t\tDer Flughafen Humberto Delgado (Lissabon) ist etwa 100 Meter vom Hotel entfernt und in 5 Minuten zu Fu\u00df oder 2 Minuten mit dem Auto zu erreichen.\t\t\t\t\t<\/p>\n\t\t\t\t\n\t\t\t<\/div>\n\t\t\t\n\t\t<\/div>\n\t\t\t\t\t\t<\/div>\n\t\t\t\t<\/div>\n\t\t\t\t<div class=\"elementor-element elementor-element-6dc7245 elementor-widget__width-initial elementor-view-default elementor-position-top elementor-mobile-position-top elementor-widget elementor-widget-icon-box\" data-id=\"6dc7245\" data-element_type=\"widget\" data-widget_type=\"icon-box.default\">\n\t\t\t\t<div class=\"elementor-widget-container\">\n\t\t\t\t\t\t\t<div class=\"elementor-icon-box-wrapper\">\n\n\t\t\t\t\t\t<div class=\"elementor-icon-box-icon\">\n\t\t\t\t<span  class=\"elementor-icon\">\n\t\t\t\t<i aria-hidden=\"true\" class=\"fal fa-subway\"><\/i>\t\t\t\t<\/span>\n\t\t\t<\/div>\n\t\t\t\n\t\t\t\t\t\t<div class=\"elementor-icon-box-content\">\n\n\t\t\t\t\t\t\t\t\t<h3 class=\"elementor-icon-box-title\">\n\t\t\t\t\t\t<span  >\n\t\t\t\t\t\t\tMetro\t\t\t\t\t\t<\/span>\n\t\t\t\t\t<\/h3>\n\t\t\t\t\n\t\t\t\t\t\t\t\t\t<p class=\"elementor-icon-box-description\">\n\t\t\t\t\t\tUm zum Meli\u00e1 Lisboa Aeroporto zu gelangen, m\u00fcssen Sie am Bahnhof Lissabon Flughafen aussteigen, die Rote Linie nehmen und bis zur Station Aeroporto fahren, die die letzte Station ist. Die Fahrt ist direkt und bequem, mit h\u00e4ufigen Abfahrten und gut ausgeschilderten Stationen. \t\t\t\t\t<\/p>\n\t\t\t\t\n\t\t\t<\/div>\n\t\t\t\n\t\t<\/div>\n\t\t\t\t\t\t<\/div>\n\t\t\t\t<\/div>\n\t\t\t\t<\/section>\n\t\t<section class=\"elementor-element elementor-element-71af052 e-con-full e-flex e-con e-parent\" data-id=\"71af052\" data-element_type=\"container\" id=\"cardstitles\">\n\t\t<div class=\"elementor-element elementor-element-d613357 e-con-full e-flex e-con e-child\" data-id=\"d613357\" data-element_type=\"container\">\n\t\t<div class=\"elementor-element elementor-element-97f47e6 e-con-full e-flex e-con e-child\" data-id=\"97f47e6\" data-element_type=\"container\">\n\t\t<div class=\"elementor-element elementor-element-2a90fad e-con-full e-flex e-con e-child\" data-id=\"2a90fad\" data-element_type=\"container\">\n\t\t\t\t<div class=\"elementor-element elementor-element-a5afca3 elementor-widget elementor-widget-heading\" data-id=\"a5afca3\" data-element_type=\"widget\" data-widget_type=\"heading.default\">\n\t\t\t\t<div class=\"elementor-widget-container\">\n\t\t\t\t\t<h2 class=\"elementor-heading-title elementor-size-default\">EREIGNISSE<\/h2>\t\t\t\t<\/div>\n\t\t\t\t<\/div>\n\t\t\t\t<div class=\"elementor-element elementor-element-217b1b5 elementor-widget elementor-widget-heading\" data-id=\"217b1b5\" data-element_type=\"widget\" data-widget_type=\"heading.default\">\n\t\t\t\t<div class=\"elementor-widget-container\">\n\t\t\t\t\t<h2 class=\"elementor-heading-title elementor-size-default\">in Lisboa<\/h2>\t\t\t\t<\/div>\n\t\t\t\t<\/div>\n\t\t\t\t<\/div>\n\t\t\t\t<\/div>\n\t\t<div class=\"elementor-element elementor-element-7da17e2 e-con-full e-flex e-con e-child\" data-id=\"7da17e2\" data-element_type=\"container\">\n\t\t\t\t<div class=\"elementor-element elementor-element-3ad7540 elementor-widget elementor-widget-n-carousel\" data-id=\"3ad7540\" data-element_type=\"widget\" data-settings=\"{&quot;carousel_items&quot;:[{&quot;slide_title&quot;:&quot;Slide #1&quot;,&quot;_id&quot;:&quot;bc1ad8d&quot;},{&quot;slide_title&quot;:&quot;Slide #2&quot;,&quot;_id&quot;:&quot;817f723&quot;},{&quot;_id&quot;:&quot;38b509e&quot;,&quot;slide_title&quot;:&quot;Slide #3&quot;},{&quot;_id&quot;:&quot;a9b104f&quot;,&quot;slide_title&quot;:&quot;Slide #4&quot;},{&quot;_id&quot;:&quot;bc2d4ae&quot;,&quot;slide_title&quot;:&quot;Slide #5&quot;}],&quot;slides_to_show&quot;:&quot;3&quot;,&quot;image_spacing_custom&quot;:{&quot;unit&quot;:&quot;px&quot;,&quot;size&quot;:30,&quot;sizes&quot;:[]},&quot;slides_to_show_mobile_extra&quot;:&quot;1&quot;,&quot;slides_to_scroll_mobile_extra&quot;:&quot;1&quot;,&quot;slides_to_show_tablet&quot;:&quot;2&quot;,&quot;slides_to_show_mobile&quot;:&quot;1&quot;,&quot;autoplay&quot;:&quot;yes&quot;,&quot;autoplay_speed&quot;:5000,&quot;pause_on_hover&quot;:&quot;yes&quot;,&quot;pause_on_interaction&quot;:&quot;yes&quot;,&quot;speed&quot;:500,&quot;image_spacing_custom_tablet_extra&quot;:{&quot;unit&quot;:&quot;px&quot;,&quot;size&quot;:&quot;&quot;,&quot;sizes&quot;:[]},&quot;image_spacing_custom_tablet&quot;:{&quot;unit&quot;:&quot;px&quot;,&quot;size&quot;:&quot;&quot;,&quot;sizes&quot;:[]},&quot;image_spacing_custom_mobile_extra&quot;:{&quot;unit&quot;:&quot;px&quot;,&quot;size&quot;:&quot;&quot;,&quot;sizes&quot;:[]},&quot;image_spacing_custom_mobile&quot;:{&quot;unit&quot;:&quot;px&quot;,&quot;size&quot;:&quot;&quot;,&quot;sizes&quot;:[]}}\" data-widget_type=\"nested-carousel.default\">\n\t\t\t\t<div class=\"elementor-widget-container\">\n\t\t\t\t\t\t\t<div class=\"e-n-carousel swiper\" role=\"region\" aria-roledescription=\"carousel\" aria-label=\"Karussell\" dir=\"ltr\">\n\t\t\t<div class=\"swiper-wrapper\" aria-live=\"off\">\n\t\t\t\t\t\t\t\t\t\t<div class=\"swiper-slide\" data-slide=\"1\" role=\"group\" aria-roledescription=\"slide\" aria-label=\"1 von 5\">\n\t\t\t\t\t\t\t<div class=\"elementor-element elementor-element-40632e3 e-flex e-con-boxed e-con e-child\" data-id=\"40632e3\" data-element_type=\"container\">\n\t\t\t\t\t<div class=\"e-con-inner\">\n\t\t<div class=\"elementor-element elementor-element-f5bd011 e-con-full e-flex e-con e-child\" data-id=\"f5bd011\" data-element_type=\"container\">\n\t\t\t\t<div class=\"elementor-element elementor-element-05e60f6 elementor-widget__width-initial elementor-position-top elementor-widget elementor-widget-image-box\" data-id=\"05e60f6\" data-element_type=\"widget\" data-widget_type=\"image-box.default\">\n\t\t\t\t<div class=\"elementor-widget-container\">\n\t\t\t\t\t<div class=\"elementor-image-box-wrapper\"><figure class=\"elementor-image-box-img\"><a href=\"https:\/\/websummit.com\/\" target=\"_blank\" tabindex=\"-1\"><img decoding=\"async\" width=\"409\" height=\"500\" src=\"https:\/\/www.melialisboaaeroporto.com\/wp-content\/uploads\/sites\/23\/2024\/07\/MLA_destino_web_summit_1.jpg\" class=\"attachment-full size-full wp-image-19656\" alt=\"Web Summit logo outside the Altice Arena\" srcset=\"https:\/\/www.melialisboaaeroporto.com\/wp-content\/uploads\/sites\/23\/2024\/07\/MLA_destino_web_summit_1.jpg 409w, https:\/\/www.melialisboaaeroporto.com\/wp-content\/uploads\/sites\/23\/2024\/07\/MLA_destino_web_summit_1-245x300.jpg 245w\" sizes=\"(max-width: 409px) 100vw, 409px\" \/><\/a><\/figure><div class=\"elementor-image-box-content\"><h3 class=\"elementor-image-box-title\"><a href=\"https:\/\/websummit.com\/\" target=\"_blank\">Web Summit<\/a><\/h3><p class=\"elementor-image-box-description\">Der Web Summit ist eine internationale Veranstaltung, die mehr als 70.000 Menschen zusammenbringt, die sich auf Themen der Technologiebranche konzentrieren, nur 10 Minuten mit der U-Bahn vom Meli\u00e1 Lisboa Aeroporto entfernt.<\/p><\/div><\/div>\t\t\t\t<\/div>\n\t\t\t\t<\/div>\n\t\t\t\t<\/div>\n\t\t\t\t\t<\/div>\n\t\t\t\t<\/div>\n\t\t\t\t\t\t\t\t<\/div>\n\t\t\t\t\t\t\t\t\t\t\t<div class=\"swiper-slide\" data-slide=\"2\" role=\"group\" aria-roledescription=\"slide\" aria-label=\"2 von 5\">\n\t\t\t\t\t\t\t<div class=\"elementor-element elementor-element-036c9fe e-flex e-con-boxed e-con e-child\" data-id=\"036c9fe\" data-element_type=\"container\">\n\t\t\t\t\t<div class=\"e-con-inner\">\n\t\t\t\t<div class=\"elementor-element elementor-element-fe52e3f elementor-widget__width-initial elementor-position-top elementor-widget elementor-widget-image-box\" data-id=\"fe52e3f\" data-element_type=\"widget\" data-widget_type=\"image-box.default\">\n\t\t\t\t<div class=\"elementor-widget-container\">\n\t\t\t\t\t<div class=\"elementor-image-box-wrapper\"><figure class=\"elementor-image-box-img\"><a href=\"https:\/\/nosalive.com\/\" target=\"_blank\" tabindex=\"-1\"><img decoding=\"async\" src=\"https:\/\/www.melialisboaaeroporto.com\/wp-content\/uploads\/sites\/23\/elementor\/thumbs\/Festival-Nos-Alive-qtzxszpb3bnhamcuz7alve8h4bzv9ypnv4r493caiw.jpg\" title=\"Festival Nos Alive\" alt=\"Festival Nos Alive\" loading=\"lazy\" \/><\/a><\/figure><div class=\"elementor-image-box-content\"><h3 class=\"elementor-image-box-title\"><a href=\"https:\/\/nosalive.com\/\" target=\"_blank\">Festival NOS Alive<\/a><\/h3><p class=\"elementor-image-box-description\">NOS ALIVE ist ein Musikfestival, das jedes Jahr im Juli auf dem Passeio Mar\u00edtimo de Alg\u00e9s stattfindet, eine 30-min\u00fctige Fahrt vom Meli\u00e1 Lisboa Aeroporto entfernt.<\/p><\/div><\/div>\t\t\t\t<\/div>\n\t\t\t\t<\/div>\n\t\t\t\t\t<\/div>\n\t\t\t\t<\/div>\n\t\t\t\t\t\t\t\t<\/div>\n\t\t\t\t\t\t\t\t\t\t\t<div class=\"swiper-slide\" data-slide=\"3\" role=\"group\" aria-roledescription=\"slide\" aria-label=\"3 von 5\">\n\t\t\t\t\t\t\t<div class=\"elementor-element elementor-element-4bd2cd8 e-flex e-con-boxed e-con e-child\" data-id=\"4bd2cd8\" data-element_type=\"container\">\n\t\t\t\t\t<div class=\"e-con-inner\">\n\t\t\t\t<div class=\"elementor-element elementor-element-e8dcf56 elementor-widget__width-initial elementor-position-top elementor-widget elementor-widget-image-box\" data-id=\"e8dcf56\" data-element_type=\"widget\" data-widget_type=\"image-box.default\">\n\t\t\t\t<div class=\"elementor-widget-container\">\n\t\t\t\t\t<div class=\"elementor-image-box-wrapper\"><figure class=\"elementor-image-box-img\"><a href=\"https:\/\/rockinriolisboa.pt\/\" target=\"_blank\" tabindex=\"-1\"><img decoding=\"async\" width=\"407\" height=\"500\" src=\"https:\/\/www.melialisboaaeroporto.com\/wp-content\/uploads\/sites\/23\/2024\/07\/MLA_destino_RockInRio_1.jpg\" class=\"attachment-full size-full wp-image-19651\" alt=\"Lisboa, Portugal &#8211; 2024-06-15: Rock in Rio Sign, 20 years Rock in rio Lisboa\" srcset=\"https:\/\/www.melialisboaaeroporto.com\/wp-content\/uploads\/sites\/23\/2024\/07\/MLA_destino_RockInRio_1.jpg 407w, https:\/\/www.melialisboaaeroporto.com\/wp-content\/uploads\/sites\/23\/2024\/07\/MLA_destino_RockInRio_1-244x300.jpg 244w\" sizes=\"(max-width: 407px) 100vw, 407px\" \/><\/a><\/figure><div class=\"elementor-image-box-content\"><h3 class=\"elementor-image-box-title\"><a href=\"https:\/\/rockinriolisboa.pt\/\" target=\"_blank\">Festival Rock In Rio Lisboa<\/a><\/h3><p class=\"elementor-image-box-description\">Rock in Rio Lisboa ist eines der gr\u00f6\u00dften Musikfestivals, das ber\u00fchmte K\u00fcnstler und begeisterte Fans zusammenbringt. Es findet in Lissabon statt und bietet unvergessliche Momente und eine lebhafte Atmosph\u00e4re.<\/p><\/div><\/div>\t\t\t\t<\/div>\n\t\t\t\t<\/div>\n\t\t\t\t\t<\/div>\n\t\t\t\t<\/div>\n\t\t\t\t\t\t\t\t<\/div>\n\t\t\t\t\t\t\t\t\t\t\t<div class=\"swiper-slide\" data-slide=\"4\" role=\"group\" aria-roledescription=\"slide\" aria-label=\"4 von 5\">\n\t\t\t\t\t\t\t<div class=\"elementor-element elementor-element-ba18229 e-flex e-con-boxed e-con e-child\" data-id=\"ba18229\" data-element_type=\"container\">\n\t\t\t\t\t<div class=\"e-con-inner\">\n\t\t\t\t<div class=\"elementor-element elementor-element-cb207f9 elementor-widget__width-initial elementor-position-top elementor-widget elementor-widget-image-box\" data-id=\"cb207f9\" data-element_type=\"widget\" data-widget_type=\"image-box.default\">\n\t\t\t\t<div class=\"elementor-widget-container\">\n\t\t\t\t\t<div class=\"elementor-image-box-wrapper\"><figure class=\"elementor-image-box-img\"><a href=\"https:\/\/meokalorama.pt\/\" target=\"_blank\" tabindex=\"-1\"><img decoding=\"async\" src=\"https:\/\/www.melialisboaaeroporto.com\/wp-content\/uploads\/sites\/23\/elementor\/thumbs\/MLA_destino_MEO_Kalorama-qtzxszpb3bnhamcuz7alve8h4bzv9ypnv4r493caiw.jpg\" title=\"MLA_destino_MEO_Kalorama\" alt=\"MLA_destino_MEO_Kalorama\" loading=\"lazy\" \/><\/a><\/figure><div class=\"elementor-image-box-content\"><h3 class=\"elementor-image-box-title\"><a href=\"https:\/\/meokalorama.pt\/\" target=\"_blank\">Festival MEO Kalorama<\/a><\/h3><p class=\"elementor-image-box-description\">MEO Kalorama ist ein Musikfestival in Lissabon, das sich durch seine Vielfalt an Musikgenres auszeichnet. Mit renommierten K\u00fcnstlern und einer einzigartigen Atmosph\u00e4re, die den Besuchern ein unvergessliches Erlebnis bietet.<\/p><\/div><\/div>\t\t\t\t<\/div>\n\t\t\t\t<\/div>\n\t\t\t\t\t<\/div>\n\t\t\t\t<\/div>\n\t\t\t\t\t\t\t\t<\/div>\n\t\t\t\t\t\t\t\t\t\t\t<div class=\"swiper-slide\" data-slide=\"5\" role=\"group\" aria-roledescription=\"slide\" aria-label=\"5 von 5\">\n\t\t\t\t\t\t\t<div class=\"elementor-element elementor-element-892ae41 e-flex e-con-boxed e-con e-child\" data-id=\"892ae41\" data-element_type=\"container\">\n\t\t\t\t\t<div class=\"e-con-inner\">\n\t\t\t\t<div class=\"elementor-element elementor-element-88bd29b elementor-widget__width-initial elementor-position-top elementor-widget elementor-widget-image-box\" data-id=\"88bd29b\" data-element_type=\"widget\" data-widget_type=\"image-box.default\">\n\t\t\t\t<div class=\"elementor-widget-container\">\n\t\t\t\t\t<div class=\"elementor-image-box-wrapper\"><figure class=\"elementor-image-box-img\"><img decoding=\"async\" src=\"https:\/\/www.melialisboaaeroporto.com\/wp-content\/uploads\/sites\/23\/elementor\/thumbs\/MLA_destino_Santos_Populares-qtzxszpb3bnhamcuz7alve8h4bzv9ypnv4r493caiw.jpg\" title=\"MLA_destino_Santos_Populares\" alt=\"MLA_destino_Santos_Populares\" loading=\"lazy\" \/><\/figure><div class=\"elementor-image-box-content\"><h3 class=\"elementor-image-box-title\">Santos Populares<\/h3><p class=\"elementor-image-box-description\">Jedes Jahr findet in Lissabon im Juni das Festival Santos Populares statt. Erleben Sie zu dieser Zeit des Jahres das Unterhaltungsangebot Lissabons mit Musik, Essen und Festivit\u00e4ten in der ganzen Stadt.<\/p><\/div><\/div>\t\t\t\t<\/div>\n\t\t\t\t<\/div>\n\t\t\t\t\t<\/div>\n\t\t\t\t<\/div>\n\t\t\t\t\t\t\t\t<\/div>\n\t\t\t\t\t\t\t\t<\/div>\n\t\t<\/div>\n\t\t\t\t\t\t<\/div>\n\t\t\t\t<\/div>\n\t\t\t\t<\/div>\n\t\t\t\t<\/div>\n\t\t\t\t<\/section>\n\t\t\t\t<\/div>\n\t\t","protected":false},"excerpt":{"rendered":"<p>Lissabon Das Meli\u00e1 Lisboa Aeroporto bietet den Beginn einer historischen Reise durch Lissabon, bei der Sie die Aufregung der Stadt sp\u00fcren, die als eine der sch\u00f6nsten der Welt gilt.Beginnen Sie im Herzen der Geschichte, entdecken Sie den Charme der malerischen Viertel Lissabons wie Alfama oder Lapa, kommen Sie an den von der Unesco als Weltkulturerbe [&hellip;]<\/p>\n","protected":false},"author":1,"featured_media":0,"parent":0,"menu_order":0,"comment_status":"closed","ping_status":"closed","template":"","meta":{"_acf_changed":false,"footnotes":""},"class_list":["post-8317","page","type-page","status-publish","hentry"],"acf":[],"yoast_head":"<!-- This site is optimized with the Yoast SEO plugin v24.5 - https:\/\/yoast.com\/wordpress\/plugins\/seo\/ -->\n<title>Lissabon - Melia Lisboa Aeroporto<\/title>\n<meta name=\"description\" content=\"O Meli\u00e1 Lisboa Aeroporto \u00e9 reconhecido pela excel\u00eancia e satisfa\u00e7\u00e3o do cliente. Localizado a 5 minutos a p\u00e9 do Aeroporto de Lisboa.\" \/>\n<meta name=\"robots\" content=\"index, follow, max-snippet:-1, max-image-preview:large, max-video-preview:-1\" \/>\n<link rel=\"canonical\" href=\"https:\/\/www.melialisboaaeroporto.com\/de\/lissabon\/\" \/>\n<meta property=\"og:locale\" content=\"de_DE\" \/>\n<meta property=\"og:type\" content=\"article\" \/>\n<meta property=\"og:title\" content=\"Lissabon - Melia Lisboa Aeroporto\" \/>\n<meta property=\"og:description\" content=\"O Meli\u00e1 Lisboa Aeroporto \u00e9 reconhecido pela excel\u00eancia e satisfa\u00e7\u00e3o do cliente. Localizado a 5 minutos a p\u00e9 do Aeroporto de Lisboa.\" \/>\n<meta property=\"og:url\" content=\"https:\/\/www.melialisboaaeroporto.com\/de\/lissabon\/\" \/>\n<meta property=\"og:site_name\" content=\"Melia Lisboa Aeroporto\" \/>\n<meta property=\"article:publisher\" content=\"https:\/\/www.facebook.com\/MeliaLisboaAeroporto\" \/>\n<meta property=\"article:modified_time\" content=\"2024-12-03T12:31:58+00:00\" \/>\n<meta property=\"og:image\" content=\"https:\/\/www.melialisboaaeroporto.com\/wp-content\/uploads\/sites\/23\/2024\/06\/MLA_destino_gastronomia.jpg\" \/>\n\t<meta property=\"og:image:width\" content=\"402\" \/>\n\t<meta property=\"og:image:height\" content=\"500\" \/>\n\t<meta property=\"og:image:type\" content=\"image\/jpeg\" \/>\n<meta name=\"twitter:card\" content=\"summary_large_image\" \/>\n<meta name=\"twitter:label1\" content=\"Gesch\u00e4tzte Lesezeit\" \/>\n\t<meta name=\"twitter:data1\" content=\"11\u00a0Minuten\" \/>\n<script type=\"application\/ld+json\" class=\"yoast-schema-graph\">{\"@context\":\"https:\/\/schema.org\",\"@graph\":[{\"@type\":\"WebPage\",\"@id\":\"https:\/\/www.melialisboaaeroporto.com\/de\/lissabon\/\",\"url\":\"https:\/\/www.melialisboaaeroporto.com\/de\/lissabon\/\",\"name\":\"Lissabon - Melia Lisboa Aeroporto\",\"isPartOf\":{\"@id\":\"https:\/\/www.melialisboaaeroporto.com\/de\/#website\"},\"primaryImageOfPage\":{\"@id\":\"https:\/\/www.melialisboaaeroporto.com\/de\/lissabon\/#primaryimage\"},\"image\":{\"@id\":\"https:\/\/www.melialisboaaeroporto.com\/de\/lissabon\/#primaryimage\"},\"thumbnailUrl\":\"https:\/\/www.melialisboaaeroporto.com\/wp-content\/uploads\/sites\/23\/2024\/06\/MLA_destino_gastronomia.jpg\",\"datePublished\":\"2023-12-19T12:17:38+00:00\",\"dateModified\":\"2024-12-03T12:31:58+00:00\",\"description\":\"O Meli\u00e1 Lisboa Aeroporto \u00e9 reconhecido pela excel\u00eancia e satisfa\u00e7\u00e3o do cliente. Localizado a 5 minutos a p\u00e9 do Aeroporto de Lisboa.\",\"breadcrumb\":{\"@id\":\"https:\/\/www.melialisboaaeroporto.com\/de\/lissabon\/#breadcrumb\"},\"inLanguage\":\"de\",\"potentialAction\":[{\"@type\":\"ReadAction\",\"target\":[\"https:\/\/www.melialisboaaeroporto.com\/de\/lissabon\/\"]}]},{\"@type\":\"ImageObject\",\"inLanguage\":\"de\",\"@id\":\"https:\/\/www.melialisboaaeroporto.com\/de\/lissabon\/#primaryimage\",\"url\":\"https:\/\/www.melialisboaaeroporto.com\/wp-content\/uploads\/sites\/23\/2024\/06\/MLA_destino_gastronomia.jpg\",\"contentUrl\":\"https:\/\/www.melialisboaaeroporto.com\/wp-content\/uploads\/sites\/23\/2024\/06\/MLA_destino_gastronomia.jpg\"},{\"@type\":\"BreadcrumbList\",\"@id\":\"https:\/\/www.melialisboaaeroporto.com\/de\/lissabon\/#breadcrumb\",\"itemListElement\":[{\"@type\":\"ListItem\",\"position\":1,\"name\":\"In\u00edcio\",\"item\":\"https:\/\/www.melialisboaaeroporto.com\/de\/\"},{\"@type\":\"ListItem\",\"position\":2,\"name\":\"Lissabon\"}]},{\"@type\":\"WebSite\",\"@id\":\"https:\/\/www.melialisboaaeroporto.com\/de\/#website\",\"url\":\"https:\/\/www.melialisboaaeroporto.com\/de\/\",\"name\":\"Meli\u00e1 Lisboa Aeroporto\",\"description\":\"O Meli\u00e1 Lisboa Aeroporto \u00e9 reconhecido pela excel\u00eancia e satisfa\u00e7\u00e3o do cliente. Localizado a 5 minutos a p\u00e9 do Aeroporto de Lisboa.\",\"publisher\":{\"@id\":\"https:\/\/www.melialisboaaeroporto.com\/de\/#organization\"},\"alternateName\":\"Meli\u00e1 Lisboa Aeroporto\",\"potentialAction\":[{\"@type\":\"SearchAction\",\"target\":{\"@type\":\"EntryPoint\",\"urlTemplate\":\"https:\/\/www.melialisboaaeroporto.com\/de\/?s={search_term_string}\"},\"query-input\":{\"@type\":\"PropertyValueSpecification\",\"valueRequired\":true,\"valueName\":\"search_term_string\"}}],\"inLanguage\":\"de\"},{\"@type\":\"Organization\",\"@id\":\"https:\/\/www.melialisboaaeroporto.com\/de\/#organization\",\"name\":\"Meli\u00e1 Lisboa Aeroporto\",\"alternateName\":\"Meli\u00e1 Lisboa Aeroporto\",\"url\":\"https:\/\/www.melialisboaaeroporto.com\/de\/\",\"logo\":{\"@type\":\"ImageObject\",\"inLanguage\":\"de\",\"@id\":\"https:\/\/www.melialisboaaeroporto.com\/de\/#\/schema\/logo\/image\/\",\"url\":\"https:\/\/www.melialisboaaeroporto.com\/wp-content\/uploads\/sites\/23\/2023\/11\/Melia_Lisboa_Aeroporto_Logo.png\",\"contentUrl\":\"https:\/\/www.melialisboaaeroporto.com\/wp-content\/uploads\/sites\/23\/2023\/11\/Melia_Lisboa_Aeroporto_Logo.png\",\"width\":177,\"height\":68,\"caption\":\"Meli\u00e1 Lisboa Aeroporto\"},\"image\":{\"@id\":\"https:\/\/www.melialisboaaeroporto.com\/de\/#\/schema\/logo\/image\/\"},\"sameAs\":[\"https:\/\/www.facebook.com\/MeliaLisboaAeroporto\",\"https:\/\/www.linkedin.com\/company\/hoti-hoteis\/\",\"https:\/\/www.tripadvisor.pt\/UserReviewEdit-g189158-d5016394-Melia_Lisboa_Aeroporto-Lisbon_Lisbon_District_Central_Portugal.html\"]}]}<\/script>\n<!-- \/ Yoast SEO plugin. -->","yoast_head_json":{"title":"Lissabon - Melia Lisboa Aeroporto","description":"O Meli\u00e1 Lisboa Aeroporto \u00e9 reconhecido pela excel\u00eancia e satisfa\u00e7\u00e3o do cliente. Localizado a 5 minutos a p\u00e9 do Aeroporto de Lisboa.","robots":{"index":"index","follow":"follow","max-snippet":"max-snippet:-1","max-image-preview":"max-image-preview:large","max-video-preview":"max-video-preview:-1"},"canonical":"https:\/\/www.melialisboaaeroporto.com\/de\/lissabon\/","og_locale":"de_DE","og_type":"article","og_title":"Lissabon - Melia Lisboa Aeroporto","og_description":"O Meli\u00e1 Lisboa Aeroporto \u00e9 reconhecido pela excel\u00eancia e satisfa\u00e7\u00e3o do cliente. Localizado a 5 minutos a p\u00e9 do Aeroporto de Lisboa.","og_url":"https:\/\/www.melialisboaaeroporto.com\/de\/lissabon\/","og_site_name":"Melia Lisboa Aeroporto","article_publisher":"https:\/\/www.facebook.com\/MeliaLisboaAeroporto","article_modified_time":"2024-12-03T12:31:58+00:00","og_image":[{"width":402,"height":500,"url":"https:\/\/www.melialisboaaeroporto.com\/wp-content\/uploads\/sites\/23\/2024\/06\/MLA_destino_gastronomia.jpg","type":"image\/jpeg"}],"twitter_card":"summary_large_image","twitter_misc":{"Gesch\u00e4tzte Lesezeit":"11\u00a0Minuten"},"schema":{"@context":"https:\/\/schema.org","@graph":[{"@type":"WebPage","@id":"https:\/\/www.melialisboaaeroporto.com\/de\/lissabon\/","url":"https:\/\/www.melialisboaaeroporto.com\/de\/lissabon\/","name":"Lissabon - Melia Lisboa Aeroporto","isPartOf":{"@id":"https:\/\/www.melialisboaaeroporto.com\/de\/#website"},"primaryImageOfPage":{"@id":"https:\/\/www.melialisboaaeroporto.com\/de\/lissabon\/#primaryimage"},"image":{"@id":"https:\/\/www.melialisboaaeroporto.com\/de\/lissabon\/#primaryimage"},"thumbnailUrl":"https:\/\/www.melialisboaaeroporto.com\/wp-content\/uploads\/sites\/23\/2024\/06\/MLA_destino_gastronomia.jpg","datePublished":"2023-12-19T12:17:38+00:00","dateModified":"2024-12-03T12:31:58+00:00","description":"O Meli\u00e1 Lisboa Aeroporto \u00e9 reconhecido pela excel\u00eancia e satisfa\u00e7\u00e3o do cliente. Localizado a 5 minutos a p\u00e9 do Aeroporto de Lisboa.","breadcrumb":{"@id":"https:\/\/www.melialisboaaeroporto.com\/de\/lissabon\/#breadcrumb"},"inLanguage":"de","potentialAction":[{"@type":"ReadAction","target":["https:\/\/www.melialisboaaeroporto.com\/de\/lissabon\/"]}]},{"@type":"ImageObject","inLanguage":"de","@id":"https:\/\/www.melialisboaaeroporto.com\/de\/lissabon\/#primaryimage","url":"https:\/\/www.melialisboaaeroporto.com\/wp-content\/uploads\/sites\/23\/2024\/06\/MLA_destino_gastronomia.jpg","contentUrl":"https:\/\/www.melialisboaaeroporto.com\/wp-content\/uploads\/sites\/23\/2024\/06\/MLA_destino_gastronomia.jpg"},{"@type":"BreadcrumbList","@id":"https:\/\/www.melialisboaaeroporto.com\/de\/lissabon\/#breadcrumb","itemListElement":[{"@type":"ListItem","position":1,"name":"In\u00edcio","item":"https:\/\/www.melialisboaaeroporto.com\/de\/"},{"@type":"ListItem","position":2,"name":"Lissabon"}]},{"@type":"WebSite","@id":"https:\/\/www.melialisboaaeroporto.com\/de\/#website","url":"https:\/\/www.melialisboaaeroporto.com\/de\/","name":"Meli\u00e1 Lisboa Aeroporto","description":"O Meli\u00e1 Lisboa Aeroporto \u00e9 reconhecido pela excel\u00eancia e satisfa\u00e7\u00e3o do cliente. Localizado a 5 minutos a p\u00e9 do Aeroporto de Lisboa.","publisher":{"@id":"https:\/\/www.melialisboaaeroporto.com\/de\/#organization"},"alternateName":"Meli\u00e1 Lisboa Aeroporto","potentialAction":[{"@type":"SearchAction","target":{"@type":"EntryPoint","urlTemplate":"https:\/\/www.melialisboaaeroporto.com\/de\/?s={search_term_string}"},"query-input":{"@type":"PropertyValueSpecification","valueRequired":true,"valueName":"search_term_string"}}],"inLanguage":"de"},{"@type":"Organization","@id":"https:\/\/www.melialisboaaeroporto.com\/de\/#organization","name":"Meli\u00e1 Lisboa Aeroporto","alternateName":"Meli\u00e1 Lisboa Aeroporto","url":"https:\/\/www.melialisboaaeroporto.com\/de\/","logo":{"@type":"ImageObject","inLanguage":"de","@id":"https:\/\/www.melialisboaaeroporto.com\/de\/#\/schema\/logo\/image\/","url":"https:\/\/www.melialisboaaeroporto.com\/wp-content\/uploads\/sites\/23\/2023\/11\/Melia_Lisboa_Aeroporto_Logo.png","contentUrl":"https:\/\/www.melialisboaaeroporto.com\/wp-content\/uploads\/sites\/23\/2023\/11\/Melia_Lisboa_Aeroporto_Logo.png","width":177,"height":68,"caption":"Meli\u00e1 Lisboa Aeroporto"},"image":{"@id":"https:\/\/www.melialisboaaeroporto.com\/de\/#\/schema\/logo\/image\/"},"sameAs":["https:\/\/www.facebook.com\/MeliaLisboaAeroporto","https:\/\/www.linkedin.com\/company\/hoti-hoteis\/","https:\/\/www.tripadvisor.pt\/UserReviewEdit-g189158-d5016394-Melia_Lisboa_Aeroporto-Lisbon_Lisbon_District_Central_Portugal.html"]}]}},"_links":{"self":[{"href":"https:\/\/www.melialisboaaeroporto.com\/de\/wp-json\/wp\/v2\/pages\/8317","targetHints":{"allow":["GET"]}}],"collection":[{"href":"https:\/\/www.melialisboaaeroporto.com\/de\/wp-json\/wp\/v2\/pages"}],"about":[{"href":"https:\/\/www.melialisboaaeroporto.com\/de\/wp-json\/wp\/v2\/types\/page"}],"author":[{"embeddable":true,"href":"https:\/\/www.melialisboaaeroporto.com\/de\/wp-json\/wp\/v2\/users\/1"}],"replies":[{"embeddable":true,"href":"https:\/\/www.melialisboaaeroporto.com\/de\/wp-json\/wp\/v2\/comments?post=8317"}],"version-history":[{"count":10,"href":"https:\/\/www.melialisboaaeroporto.com\/de\/wp-json\/wp\/v2\/pages\/8317\/revisions"}],"predecessor-version":[{"id":22463,"href":"https:\/\/www.melialisboaaeroporto.com\/de\/wp-json\/wp\/v2\/pages\/8317\/revisions\/22463"}],"wp:attachment":[{"href":"https:\/\/www.melialisboaaeroporto.com\/de\/wp-json\/wp\/v2\/media?parent=8317"}],"curies":[{"name":"wp","href":"https:\/\/api.w.org\/{rel}","templated":true}]}}